{"id":70019,"date":"2023-08-14T13:20:37","date_gmt":"2023-08-14T19:20:37","guid":{"rendered":"https:\/\/redsemlac.com\/semmexico\/?page_id=70019"},"modified":"2023-08-14T13:43:12","modified_gmt":"2023-08-14T19:43:12","slug":"somos","status":"publish","type":"page","link":"https:\/\/redsemlac.com\/semmexico\/somos\/","title":{"rendered":"Somos"},"content":{"rendered":"<div id=\"tdi_1\" class=\"tdc-zone\"><div class=\"tdc_zone tdi_2  wpb_row td-pb-row\"  >\n<style scoped>\n\/* custom css - generated by TagDiv Composer *\/\n\n\/* custom css - generated by TagDiv Composer *\/\n.tdi_2{\r\n                    min-height: 0;\r\n                }\n<\/style><div id=\"tdi_3\" class=\"tdc-row stretch_row_1400 td-stretch-content\"><div class=\"vc_row tdi_4  wpb_row td-pb-row\" >\n<style scoped>\n\/* custom css - generated by TagDiv Composer *\/\n\n\/* custom css - generated by TagDiv Composer *\/\n.tdi_4,\r\n                .tdi_4 .tdc-columns{\r\n                    min-height: 0;\r\n                }.tdi_4,\r\n\t\t\t\t.tdi_4 .tdc-columns{\r\n\t\t\t\t    display: block;\r\n\t\t\t\t}.tdi_4 .tdc-columns{\r\n\t\t\t\t    width: 100%;\r\n\t\t\t\t}.tdi_4:before,\r\n\t\t\t\t.tdi_4:after{\r\n\t\t\t\t    display: table;\r\n\t\t\t\t}\n<\/style><div class=\"vc_column tdi_6  wpb_column vc_column_container tdc-column td-pb-span12\">\n<style scoped>\n\/* custom css - generated by TagDiv Composer *\/\n\n\/* custom css - generated by TagDiv Composer *\/\n.tdi_6{\r\n                    vertical-align: baseline;\r\n                }.tdi_6 > .wpb_wrapper,\r\n\t\t\t\t.tdi_6 > .wpb_wrapper > .tdc-elements{\r\n\t\t\t\t    display: block;\r\n\t\t\t\t}.tdi_6 > .wpb_wrapper > .tdc-elements{\r\n\t\t\t\t    width: 100%;\r\n\t\t\t\t}.tdi_6 > .wpb_wrapper > .vc_row_inner{\r\n\t\t\t\t    width: auto;\r\n\t\t\t\t}.tdi_6 > .wpb_wrapper{\r\n\t\t\t\t    width: auto;\r\n\t\t\t\t    height: auto;\r\n\t\t\t\t}\n<\/style><div class=\"wpb_wrapper\" ><div class=\"wpb_wrapper td_block_empty_space td_block_wrap vc_empty_space tdi_8 \"  style=\"height: 32px\"><\/div><div class=\"tdm_block td_block_wrap tdm_block_column_title tdi_9 tdm-content-horiz-left td-pb-border-top td_block_template_1\"  data-td-block-uid=\"tdi_9\" >\n<style>\n\/* custom css - generated by TagDiv Composer *\/\n.tdm_block_column_title{\r\n                  margin-bottom: 0;\r\n                  display: inline-block;\r\n                  width: 100%;\r\n                }\n<\/style><div class=\"td-block-row\"><div class=\"td-block-span12 tdm-col\"><div class=\"tds-title tds-title1 td-fix-index tdi_10 \"><h3 class=\"tdm-title tdm-title-md\">SOMOS<\/h3><\/div><\/div><\/div><\/div><div class=\"wpb_wrapper wpb_text_column td_block_wrap td_block_wrap vc_column_text tdi_11  tagdiv-type td-pb-border-top td_block_template_1\"  data-td-block-uid=\"tdi_11\" >\n<style>\n\/* custom css - generated by TagDiv Composer *\/\n.vc_column_text > .td-element-style{\r\n\t\t\t\t\tz-index: -1;\r\n\t\t\t\t}\n<\/style><div class=\"td-fix-index\"><p><strong><span style=\"color: #dd3333;\">SEMlac\/SemCuba\/SemM\u00e9xico<\/span><\/strong> es la \u00fanica agencia informativa regional en Am\u00e9rica Latina y el Caribe, con perspectiva de g\u00e9nero, que produce informaciones locales en Cuba y M\u00e9xico.<\/p>\n<p>Es una opci\u00f3n informativa, profesional, que desarrolla un periodismo desde las mujeres y con una perspectiva de g\u00e9nero. Nuestra informaci\u00f3n se transmite en formato digital, con tres portales o plataformas informativas; distribuye cuatro newsletter cada semana, de Am\u00e9rica Latina, los lunes; de Cuba, todos los martes y de M\u00e9xico, lunes y jueves, y especiales cada que es necesario.<\/p>\n<p>Se fund\u00f3 hace 37 a\u00f1os. Actualmente tiene 3 mil 477 suscripciones de 9 pa\u00edses en Europa; 5 en Asia y 23 de Am\u00e9rica Latina, que corresponden a medios impresos, radiales, de televisi\u00f3n, portales digitales y redes sociales.<\/p>\n<p>Realiza otras actividades: apoyo a difusi\u00f3n para instituciones p\u00fablicas y privadas; investigaciones especiales para agendas\/calendario; libros; edici\u00f3n de materiales; s\u00edntesis; videos; dise\u00f1o gr\u00e1fico de materiales; boletines especiales y talleres de g\u00e9nero y comunicaci\u00f3n; g\u00e9nero y lenguaje; derechos humanos y protecci\u00f3n de la libertad de expresi\u00f3n.<\/p>\n<p><strong><span style=\"color: #dd3333;\">SEMlac<\/span><\/strong> pone a disposici\u00f3n de quienes tienen una suscripci\u00f3n servicios informativos e investigativos que no poseen otras agencias de comunicaci\u00f3n. A <strong><span style=\"color: #dd3333;\">Semlac\/SemM\u00e9xico<\/span><\/strong> la distingue la forma en que aborda los distintos temas informativos y la forma en que trata los acontecimientos. Generalmente los medios de comunicaci\u00f3n no tratan ciertos temas o los tratan inadecuadamente: con poca profundidad, no matizados, poco investigados y sin seguimiento.<\/p>\n<p><strong><span style=\"color: #dd3333;\">Nuestra Misi\u00f3n<\/span><\/strong><\/p>\n<p><strong><span style=\"color: #dd3333;\">SEMlac<\/span><\/strong> es una agencia de noticias de Am\u00e9rica Latina y el Caribe que promueve la igualdad entre mujeres y hombres en el tratamiento de la informaci\u00f3n, para influir en los medios de comunicaci\u00f3n, en otros sectores sociales y en la opini\u00f3n p\u00fablica.<\/p>\n<p><strong><span style=\"color: #dd3333;\">Nuestra Visi\u00f3n<\/span><\/strong><\/p>\n<p>\u201cSomos una agencia de noticias de Am\u00e9rica Latina y el Caribe sostenible, posicionada en los medios de comunicaci\u00f3n y otros sectores de la sociedad, con influencia en el tratamiento informativo y repercusi\u00f3n en la opini\u00f3n p\u00fablica. Contamos con una red fortalecida de colaboradores y colaboradoras <em>in situ<\/em> de cada pa\u00eds de la regi\u00f3n y 12 entidades de la Rep\u00fablica Mexicana y que proporcionan un flujo constante de informaciones, opiniones e investigaciones period\u00edsticas sobre una diversidad de temas abordados desde un enfoque de g\u00e9nero, con una perspectiva cr\u00edtica, anal\u00edtica y plural, difundidas en varios formatos.<\/p>\n<p><strong><span style=\"color: #dd3333;\">Servicios<\/span><\/strong><\/p>\n<p>Ponemos a disposici\u00f3n de quienes tienen una suscripci\u00f3n servicios informativos e investigativos que no poseen otras agencias de comunicaci\u00f3n. A <strong><span style=\"color: #dd3333;\">Semlac\/SemM\u00e9xico<\/span><\/strong> la distingue la forma en que aborda los distintos temas informativos y la forma en que trata los acontecimientos. Generalmente los medios de comunicaci\u00f3n no tratan ciertos temas o los tratan inadecuadamente: con poca profundidad, no matizados, poco investigados y sin seguimiento.<\/p>\n<p>Nuestra a apuesta, e <strong><span style=\"color: #dd3333;\">SEMlac\/SEMCuba<\/span><\/strong> y <strong><span style=\"color: #dd3333;\">SemM\u00e9xico<\/span><\/strong>, es dar una mirada diferente a la que predomina en el contexto latinoamericano y caribe\u00f1o, y que no hace m\u00e1s que rescatar lo que fue la esencia de su servicio informativo durante m\u00e1s de una d\u00e9cada: el fomento de la investigaci\u00f3n period\u00edstica, el uso de varias fuentes, la contraposici\u00f3n de puntos de vista, la revelaci\u00f3n de procesos o fen\u00f3menos muchas veces invisibles o marginados en los grandes medios de comunicaci\u00f3n, siempre desde una perspectiva de g\u00e9nero y con lenguaje incluyente.<\/p>\n<\/div><\/div><\/div><\/div><\/div><\/div><\/div><\/div>","protected":false},"excerpt":{"rendered":"","protected":false},"author":3,"featured_media":0,"parent":0,"menu_order":0,"comment_status":"closed","ping_status":"closed","template":"","meta":{"_monsterinsights_skip_tracking":false,"footnotes":""},"class_list":["post-70019","page","type-page","status-publish"],"_links":{"self":[{"href":"https:\/\/redsemlac.com\/semmexico\/wp-json\/wp\/v2\/pages\/70019","targetHints":{"allow":["GET"]}}],"collection":[{"href":"https:\/\/redsemlac.com\/semmexico\/wp-json\/wp\/v2\/pages"}],"about":[{"href":"https:\/\/redsemlac.com\/semmexico\/wp-json\/wp\/v2\/types\/page"}],"author":[{"embeddable":true,"href":"https:\/\/redsemlac.com\/semmexico\/wp-json\/wp\/v2\/users\/3"}],"replies":[{"embeddable":true,"href":"https:\/\/redsemlac.com\/semmexico\/wp-json\/wp\/v2\/comments?post=70019"}],"version-history":[{"count":0,"href":"https:\/\/redsemlac.com\/semmexico\/wp-json\/wp\/v2\/pages\/70019\/revisions"}],"wp:attachment":[{"href":"https:\/\/redsemlac.com\/semmexico\/wp-json\/wp\/v2\/media?parent=70019"}],"curies":[{"name":"wp","href":"https:\/\/api.w.org\/{rel}","templated":true}]}}